{"id":39807,"date":"2025-11-27T18:34:27","date_gmt":"2025-11-27T18:34:27","guid":{"rendered":"https:\/\/www.consciousness-adventure.com\/events\/naturzeit-madeira-202603\/"},"modified":"2025-11-27T19:40:22","modified_gmt":"2025-11-27T19:40:22","slug":"naturzeit-madeira-202603","status":"publish","type":"mec-events","link":"https:\/\/www.consciousness-adventure.com\/de\/events\/naturzeit-madeira-202603\/","title":{"rendered":"Einfach Reines Sein &#8211; Naturzeit | Madeira | Portugal | 10 Tage"},"content":{"rendered":"<p style=\"text-align: center;\"><iframe loading=\"lazy\" title=\"Top 10 Sehensw\u00fcrdigkeiten auf Madeira\" src=\"https:\/\/www.youtube.com\/embed\/axMykXzHK8M\" width=\"720\" height=\"405\" frameborder=\"0\" allowfullscreen=\"allowfullscreen\"><span data-mce-type=\"bookmark\" style=\"display: inline-block; width: 0px; overflow: hidden; line-height: 0;\" class=\"mce_SELRES_start\">\ufeff<\/span><\/iframe><\/p>\n<p style=\"text-align: center;\"><iframe loading=\"lazy\" title=\"MADEIRA - TOP 10 BEST HIKING TRAILS \/ TREKKING\" src=\"https:\/\/www.youtube.com\/embed\/KDUXiXWX9EY\" width=\"720\" height=\"405\" frameborder=\"0\" allowfullscreen=\"allowfullscreen\"><span data-mce-type=\"bookmark\" style=\"display: inline-block; width: 0px; overflow: hidden; line-height: 0;\" class=\"mce_SELRES_start\">\ufeff<\/span><\/iframe><\/p>\n<h5><\/h5>\n<h5 class=\"p1\" style=\"text-align: center;\"><span class=\"s1\" style=\"color: #000000;\"><b>Hast du es schon einmal erlebt, wie es sich anf\u00fchlt dich voll und ganz gesehen, geh\u00f6rt, gehalten, anerkannt und mit dem begleitet zu f\u00fchlen, was in dir lebendig ist ohne unterbrochen zu werden? Deine inneren K\u00e4mpfe, deine Herausforderungen, deine Gef\u00fchle und dein Schmerz? Und nichts damit gemacht wird?<\/b><\/span><span class=\"s1\" style=\"color: #000000;\"><b> Und dass alles so sein darf, wie es ist? Und du nicht die Botschaft bekommst, dass etwas mit dir nicht stimmt und du L\u00f6sungen und Ratschl\u00e4ge von jemandem brauchst, der wissender und weiser ist als du? Und so die Chance bekommst mit deiner eigenen inneren Weisheit in Kontakt zu treten? Und auch mit deiner inneren F\u00fchrung und dann keine externen Autorit\u00e4ten mehr brauchst? Und auch die M\u00f6glichkeit dich mit der Weisheit, der Intelligenz und der Intuition der Natur und der Gruppe zu verbinden, wenn du dies m\u00f6chtest?<br \/>\n<\/b><\/span><\/h5>\n<h5><\/h5>\n<h5 class=\"p1\" style=\"text-align: center;\"><span class=\"s1\" style=\"color: #000000;\"><b>Bringst du den Mut auf f\u00fcr eine Reise von den Grenzen des Geistes zu der Weisheit des Herzens?<\/b><\/span><\/h5>\n<p>&nbsp;<\/p>\n<h2><span style=\"color: #000000;\">Was wir tun werden uns was passieren wird<\/span><\/h2>\n<p><span style=\"color: #000000;\">Die<strong> Just Pure Being &#8211; Nature Retreats<\/strong> sind ein Raum der Transformation, wo wir in eine Welt eintauchen, mit der viele vielleicht nicht vertraut sind. Wir werden viel in der Natur an den sch\u00f6nsten Orten der Welt laufen. Gleichzeitig ist die Einladung Interesse und Neugier f\u00fcr die inneren K\u00e4mpfe und Herausforderungen der anderen Teilnehmer zu zeigen, ohne diese retten, reparieren oder heilen zu wollen. Keine Klugschei\u00dferei mit vermeintlich wissenden oder weisen Kommentaren, Ratschl\u00e4gen und L\u00f6sungen, mit denen wir uns selbst in den Vordergrund stellen, um f\u00fcr unsere Gef\u00fchle der Unzul\u00e4nglichkeit und Scham zu kompensieren, damit wir uns selbst wichtig, wertvoll und n\u00fctzlich f\u00fchlen k\u00f6nnen ;-). Wir k\u00f6nnen unsere Grundannahmen, die Grundannahnmen anderer und die Grundannahmen der ganzen Welt uns gegen\u00fcber \u00fcberpr\u00fcfen. Wir k\u00f6nnen uns mit einem Lebensthema in den <strong>&#8220;Hei\u00dfen Stuhl&#8221;<\/strong> oder den <strong>&#8220;Kreis der Weisheit&#8221;<\/strong> setzen und selbstverantwortlich die Geschichte dahinter erz\u00e4hlen. Allerding mit dem Fokus auf unseren Gef\u00fchlen und was wir im Zusammenhang damit f\u00fchlen und gef\u00fchlt haben. Die Gruppe wird sich neugierig und interessiert zeigen das Thema zu erkunden, um ein komplettes Bild zu bekommen und um unseren <strong>Wesenskern<\/strong> zu erforschen. Und wie bisher auch, ohne zu versuchen zu retten, reparieren oder zu heilen. Keine L\u00f6sungen, Ratschl\u00e4ge oder Kommentare, au\u00dfer die Person im Mittelpunkt w\u00fcnscht sich dies ausdr\u00fccklich. Eine einmalige Gelegenheit wieder mit unserer eigenen <strong>inneren Weisheit<\/strong> in Kontakt zu treten, weil uns nicht vermittelt wird, dies nicht selbst zu k\u00f6nnen oder dass etwas mit uns falsch ist.<\/span><\/p>\n<p><span style=\"color: #000000;\">Das, wof\u00fcr wir uns selbst halten ist ein mentales Konstrukt. Eine Illusion. Eine Identit\u00e4t, die auf Gedanken basiert. Sie versteckt sich hinter Glaubenss\u00e4tzen, Grundannahmen, unterdr\u00fcckten Emotionen, Projektionen, Kompensations- und \u00dcberlebensstrategien, weil wir uns dessen nicht bewusst sind oder dies geheim halten und verbergen. Deshalb haben wir nicht die M\u00f6glichkeit zu \u00fcberpr\u00fcfen, dass das meiste davon nicht wahr ist. Wenn wir den Mut haben das mitzuteilen und offenzulegen, was wir schon unser ganzes leben lang verbergen wollen, \u00f6ffnet sich eine neue T\u00fcr. Ganz besonders wenn es sich lebensbedrohlich anf\u00fchlt und wir das Gef\u00fchl haben dabei vernichtet zu werden. Dann verliert die Illusion ihre Macht \u00fcber uns.<\/span><\/p>\n<p><span style=\"color: #000000;\"><strong>Die Sprache der Verbundenheit<\/strong> erforscht das, was jetzt hier ist und l\u00e4d alles, was verboregen und unbewusst ist ein, hei\u00dft es willkommen und erkennt es an. Sie schafft einen fruchtbaren Boden f\u00fcr <strong>Offenheit<\/strong>, <strong>Ehrlichkeit<\/strong> und <strong>Verletzlichkeit,<\/strong> wo wir allem mit <strong>Neugier<\/strong>, <strong>Demut<\/strong> und <strong>Mitgef\u00fchl<\/strong> begegnen.<\/span><\/p>\n<p><span style=\"color: #000000;\"><strong>Transformation<\/strong> geschieht, wenn wir das mitteilen und offenlegen, was wir normalerweise verbergen wollen. Wenn wir uns gesehen, geh\u00f6rt und gehalten f\u00fchlen und unsere Gef\u00fchle und Schmerz anerkannt und best\u00e4tigt werden, passiert ein <strong>Shift.<\/strong> Und wir k\u00f6nnen herausfinden, dass die meisten unserer Glaubenss\u00e4tze und Projektionen nicht wahr sind. Damit \u00f6ffnet sich eine neue T\u00fcr.<\/span><\/p>\n<p><span style=\"color: #000000;\">Erlebe eine einzigartige und h\u00f6chstwahrscheinlich lebensver\u00e4ndernde Gelegenheit, dich mit der <strong>Weisheit<\/strong>, der <strong>Intelligenz<\/strong> und der <strong>Intuition<\/strong> der Natur und der Gruppe zu verbinden.<\/span><\/p>\n<h5 style=\"text-align: center;\"><strong><span style=\"color: #000000;\">Bist du bereit f\u00fcr das<\/span><\/strong><\/h5>\n<h2 style=\"text-align: center;\"><strong><span style=\"color: #000000;\">Abenteuer<\/span><\/strong><\/h2>\n<h5 style=\"text-align: center;\"><strong><span style=\"color: #000000;\">und deinen tiefsten<\/span><\/strong><\/h5>\n<h2 style=\"text-align: center;\"><em><strong><span style=\"color: #000000;\">Wesenskern<\/span><\/strong><\/em><\/h2>\n<h5 style=\"text-align: center;\"><strong><span style=\"color: #000000;\">in die Arme zu nehmen?<\/span><\/strong><\/h5>\n<p>&nbsp;<\/p>\n<h2><span style=\"color: #000000;\">Was du von dieser Veranstaltung mitnehmen wirst<\/span><\/h2>\n<ul>\n<li><span style=\"color: #000000;\">\u25cf Das Erlebnis eines Raumes voller Verbundenheit und Vertrauen<\/span><\/li>\n<li><span style=\"color: #000000;\">\u25cf Mehr Klarheit dar\u00fcber, was oder wer du wirklich bist<\/span><\/li>\n<li><span style=\"color: #000000;\">\u25cf Mehr Klarheit \u00fcber deine Glaubenss\u00e4tze, Kompensations- und \u00dcberlebensstrategien und warum du so bist, wie du bist<\/span><\/li>\n<li><span style=\"color: #000000;\">\u25cf Mehr Mitgef\u00fchl mit deinen schwierigen Anteilen, Zust\u00e4nden und Emotionen und denen anderer<\/span><\/li>\n<li><span style=\"color: #000000;\">\u25cf Gr\u00f6\u00dfere F\u00e4higkeit einen Raum zu halten und andere emotional zu begleiten und ihnen mit Demut, Neugier und Mitgef\u00fchl zu begegnen<\/span><\/li>\n<li><span style=\"color: #000000;\">\u25cf Gleiche Bedingungen f\u00fcr introvertiertere Teilnehmer zu Wort zu kommen und sich auszudr\u00fccken und sich gesehen und geh\u00f6rt zu f\u00fchlen ohne mit extrovertierteren Teilnehmern konkurrieren zu m\u00fcssen<\/span><\/li>\n<li><\/li>\n<\/ul>\n<div class=\"mec-single-event-description mec-events-content\">\n<div class=\"mec-single-event-description mec-events-content\">\n<h2><\/h2>\n<h2>Unterkunft<\/h2>\n<p><span style=\"color: #000000;\">Wir werden auf einem Campingplatz im Nordosten der Insel untergebracht sein und in Zelten schlafen. Zelte k\u00f6nnen auf Madeira f\u00fcr 50 Euro f\u00fcr die ganze Dauer gemietet werden. Zu beachten ist, dass nur von 9.00 &#8211; 10:30 und von 19:00 Uhr bis 21:00 Uhr geduscht werden kann.<\/span><\/p>\n<\/div>\n<\/div>\n<div class=\"mec-single-event-description mec-events-content\">\n<h2><span style=\"color: #000000;\">Verpflegung<\/span><\/h2>\n<p class=\"p1\"><span style=\"color: #000000;\">Verpflegung ist nicht im Preis inbegriffen. Also schau, dass du f\u00fcr dich sorgst und deine Lebensmittel f\u00fcr das Fr\u00fchst\u00fcck und Mittagessen besorgst. Und bring dir vielleicht schon etwas f\u00fcr den ersten Tag mit, damit du nicht in Not kommst. Besonders zur Zeit der Mittagessens werden wir drau\u00dfen in der Natur sein, wo es h\u00f6chstwahrscheinlich nicht m\u00f6glich sein wird Essen zu kaufen. Wir werden regelm\u00e4\u00dfig an Superm\u00e4rkten stoppen, um uns zu versorgen und sitzen damit im selben Boot. Zum Abendessen gehen wir normalerweise in ein Restaurant, wobei das auch jeder selbst entscheiden kann.<\/span><\/p>\n<h2>Mietautos oder Bus, um uns auf der Insel fortzubewegen<\/h2>\n<div class=\"mec-single-event-description mec-events-content\">\n<p><span style=\"color: #000000;\">Wir werden den geeignetsten und g\u00fcnstigsten Weg finden, uns auf der Insel fortzubewegen. Entweder werden wir mehrere Autos mieten und die Teilnehmer verteilen, wenn es bereitwillige Fahrer gibt oder wir werden einen oder mehrere Busse mieten, in denen wir alle Teilnehmer unterbringen k\u00f6nnen. Mietwagen sind auf Madeira sehr erschwinglich. Die gesamten Kosten f\u00fcr Sprit und die Mietautos werden durch die Teilnehmerzahl geteilt. Aus diesem Grunde gibt es eine Vorauszahlung \/ Kaution von 250 Euro wahrend die Differenz zur\u00fcckerstattet wird oder etwas hinzugezahlt werden muss.<\/span><\/p>\n<h2>Vorbereitung<\/h2>\n<div class=\"mec-single-event-description mec-events-content\">\n<p><span style=\"color: #000000;\">Wir werden uns online \u00fcber Zoom treffen, um alle Details zu kl\u00e4ren.<\/span><\/p>\n<h2>\u00c4nderungen des Reiseplans<\/h2>\n<div class=\"mec-single-event-description mec-events-content\">\n<p><span style=\"color: #000000;\">Aufgrund der Wettervorhersage k\u00f6nnten kurzfristig die Ziele und Pl\u00e4ne ver\u00e4ndert werden, womit sie nicht mehr dem unten angegebenen Plan entsprechen.<\/span><\/p>\n<\/div>\n<h2>Details<\/h2>\n<\/div>\n<\/div>\n<\/div>\n<table class=\"tableizer-table\">\n<thead>\n<tr class=\"tableizer-firstrow\">\n<th style=\"text-align: left;\"><span style=\"color: #000000;\">Dauer<\/span><\/th>\n<th style=\"text-align: left;\"><span style=\"color: #000000;\">10 Tage<\/span><\/th>\n<\/tr>\n<\/thead>\n<tbody>\n<tr>\n<td><strong><span style=\"color: #000000;\">Ankunft<\/span><\/strong><\/td>\n<td><span style=\"color: #000000;\">Freitag 13.03.2026, Funchal Flughafen<\/span><\/td>\n<\/tr>\n<tr>\n<td><strong><span style=\"color: #000000;\">Abreise<\/span><\/strong><\/td>\n<td><span style=\"color: #000000;\">Sonntag 22.03.2026, Funchal Flughafen<\/span><\/td>\n<\/tr>\n<tr>\n<td><strong><span style=\"color: #000000;\">Treffpunkt<\/span><\/strong><\/td>\n<td><span style=\"color: #000000;\">Funchal Flughafen<\/span><\/td>\n<\/tr>\n<tr>\n<td><strong><span style=\"color: #000000;\">Zielgruppe<\/span><\/strong><\/td>\n<td><span style=\"color: #000000;\">Erwachsene<\/span><\/td>\n<\/tr>\n<tr>\n<td><strong><span style=\"color: #000000;\">Teilnehmer<\/span><\/strong><\/td>\n<td><span style=\"color: #000000;\">Max. 16<\/span><\/td>\n<\/tr>\n<tr>\n<td><strong><span style=\"color: #000000;\">Teilnahmegeb\u00fchr<\/span><\/strong><\/td>\n<td><span style=\"color: #000000;\">590 E<\/span><span style=\"color: #000000;\">uro + 250 Euro Kaution f\u00fcr Mietwagen oder Bus. Bitte setzte dich mit mir in Verbindung f\u00fcr einen Preisnachlass, wenn du deine Finanzen im Auge behalten musst<\/span><\/td>\n<\/tr>\n<tr>\n<td><strong><span style=\"color: #000000;\">Unterkunft<\/span><\/strong><\/td>\n<td><span style=\"color: #000000;\">Auf einem Campingplatz in Zelten<\/span><\/td>\n<\/tr>\n<tr>\n<td><strong><span style=\"color: #000000;\">Leiter\u00a0 \u00a0<\/span><\/strong><\/td>\n<td><span style=\"color: #000000;\">Oliver<\/span><\/td>\n<\/tr>\n<tr>\n<td><strong><span style=\"color: #000000;\">Orte, die wir besuchen werden<\/span><\/strong><\/td>\n<td><span style=\"color: #000000;\">eine Menge<\/span><\/td>\n<\/tr>\n<tr>\n<td><\/td>\n<td><\/td>\n<\/tr>\n<\/tbody>\n<\/table>\n<p>&nbsp;<\/p>\n<h2>Inbegriffen<\/h2>\n<ul>\n<li><span style=\"color: #000000;\">\u25cf Reiseleitung und F\u00fchrung<\/span><\/li>\n<li><span style=\"color: #000000;\">\u25cf Unterkunft auf einem Campingplatz in Zelten<\/span><\/li>\n<li><\/li>\n<\/ul>\n<h2><\/h2>\n<h2>Nicht inbegriffen<\/h2>\n<ul>\n<li style=\"list-style-type: none;\">\n<ul>\n<li><span style=\"color: #000000;\">\u25cf Verpflegung<\/span><\/li>\n<li><span style=\"color: #000000;\">\u25cf Flug<\/span><\/li>\n<li><span style=\"color: #000000;\">\u25cf Mietwagen und Sprit<\/span><\/li>\n<\/ul>\n<\/li>\n<\/ul>\n<p>&nbsp;<\/p>\n<h2>Program<\/h2>\n<p><span style=\"color: #000000; font-size: 26px;\">Freitag, 13. M\u00e4rz, 2026<\/span><\/p>\n<p><span style=\"color: #000000;\">Wir treffen uns am Flughafen in Funchal und werden dann gemeinsam auf den Campingplatz fahren. Im Falle verschiedener Ankunftszeiten werden wir eine andere L\u00f6sung finden. Nachdem alle eingetroffen sind, werden wir uns treffen, um die relevanten Infos zu besprechen.<\/span><\/p>\n<p><span style=\"color: #000000; font-size: 26px;\">Samstag, 14. M\u00e4rz, 2026<\/span><\/p>\n<h5><strong>Einf\u00fchrung in &#8220;Die Sprache der Verbundenheit&#8221; &#8211; Aktivit\u00e4ten um ein sicheres Umfeld, Vertrauen und Verbundenheit in der Gruppe zu schaffen<\/strong><\/h5>\n<ol>\n<li><span style=\"color: #000000;\">1. 10:00 Treffen im Kreis und Beginn der Aktivit\u00e4ten<\/span><\/li>\n<li><span style=\"color: #000000;\">2. 14:00 Mittagessen<\/span><\/li>\n<li><span style=\"color: #000000;\">3. 15:30 Aktivit\u00e4ten<\/span><\/li>\n<li><span style=\"color: #000000;\">4. Abendessen<\/span><\/li>\n<li><span style=\"color: #000000;\">5. Weitere Aktivit\u00e4ten, wenn n\u00f6tig<\/span><\/li>\n<\/ol>\n<p><span style=\"color: #000000; font-size: 26px;\">Sonntag, 15. M\u00e4rz, 2026<\/span><\/p>\n<h5><strong>Levada do 25 Fontes, Levada do Alecrim, Risco Wasserfall, Lagoa do Vento <\/strong><\/h5>\n<ol>\n<li><span style=\"color: #000000;\">1. 6:20 &#8211; 6:50: Fr\u00fchst\u00fcck<\/span><\/li>\n<li><span style=\"color: #000000;\">2. 6:50: Gruppenaktivit\u00e4t<\/span><\/li>\n<li><span style=\"color: #000000;\">2. Naturzeit<span style=\"font-size: 14px;\">\u00a0<\/span>(Levada do 25 fontes &#8230;)<\/span><\/li>\n<li><span style=\"color: #000000;\">3. Abendessen<\/span><\/li>\n<li><span style=\"color: #000000;\">5. Gruppenaktivit\u00e4t<\/span><\/li>\n<\/ol>\n<ol>\n<li style=\"list-style-type: none;\">\n<ol>\n<li style=\"list-style-type: none;\"><\/li>\n<\/ol>\n<\/li>\n<\/ol>\n<p>&nbsp;<\/p>\n<table width=\"350\">\n<tbody>\n<tr>\n<td width=\"239\"><span style=\"font-size: 28px; color: #000000;\">Schwierigkeitsgrad<\/span><\/td>\n<td width=\"111\"><\/td>\n<\/tr>\n<tr>\n<td><\/td>\n<td><\/td>\n<\/tr>\n<tr>\n<td><span style=\"color: #000000;\"><strong>Strecke:<\/strong><\/span><\/td>\n<td><span style=\"color: #000000;\">11,4 km<\/span><\/td>\n<\/tr>\n<tr>\n<td><span style=\"color: #000000;\"><strong>Anstieg:<\/strong><\/span><\/td>\n<td><span style=\"color: #000000;\">480 m<\/span><\/td>\n<\/tr>\n<tr>\n<td><span style=\"color: #000000;\"><strong>Abstieg:<\/strong><\/span><\/td>\n<td><span style=\"color: #000000;\">480 m<\/span><\/td>\n<\/tr>\n<tr>\n<td><span style=\"color: #000000;\"><strong>Minimalh\u00f6he:<\/strong><\/span><\/td>\n<td><span style=\"color: #000000;\">1000 m<\/span><\/td>\n<\/tr>\n<tr>\n<td><span style=\"color: #000000;\"><strong>Maximalh\u00f6he:<\/strong><\/span><\/td>\n<td><span style=\"color: #000000;\">1320 m<\/span><\/td>\n<\/tr>\n<\/tbody>\n<\/table>\n<h1><\/h1>\n<h1><span style=\"color: #000000; font-size: 26px;\">Video<\/span><\/h1>\n<p style=\"text-align: center;\"><iframe loading=\"lazy\" title=\"Madeira: Die wohl beliebteste Wanderung zum Risco-Wasserfall und zu den 25 Fontes\/Quellen\" src=\"https:\/\/www.youtube.com\/embed\/RORz4fcHxDM\" width=\"720\" height=\"405\" frameborder=\"0\" allowfullscreen=\"allowfullscreen\"><span data-mce-type=\"bookmark\" style=\"display: inline-block; width: 0px; overflow: hidden; line-height: 0;\" class=\"mce_SELRES_start\">\ufeff<\/span><\/iframe><\/p>\n<div>\n<p><span style=\"color: #000000; font-size: 26px;\">Montag, 16. M\u00e4rz, 2026<\/span><\/p>\n<h5><strong><span style=\"color: #000000;\">Sunrise at Pico do Arriero and tour to Pico Ruivo<\/span><\/strong><\/h5>\n<\/div>\n<div class=\"mec-single-event-description mec-events-content\">\n<ol>\n<li><span style=\"color: #000000;\">1. 5:30: Start zum Pico do Arriero zum Sonnenaufgang<\/span><\/li>\n<li><span style=\"color: #000000;\">2. Naturzeit<span style=\"font-size: 14px;\">\u00a0<\/span>(Pico do Arriero to Pico Ruivo)<\/span><\/li>\n<li><span style=\"color: #000000;\">4. Abendessen<\/span><\/li>\n<li><span style=\"color: #000000;\">5. Abendaktivit\u00e4ten<\/span><\/li>\n<\/ol>\n<\/div>\n<div class=\"mec-single-event-description mec-events-content\">\n<table width=\"350\">\n<tbody>\n<tr>\n<td width=\"239\"><span style=\"font-size: 24px; color: #000000;\">Schwierigkeitsgrad<\/span><\/td>\n<td width=\"111\"><\/td>\n<\/tr>\n<tr>\n<td><\/td>\n<td><\/td>\n<\/tr>\n<tr>\n<td><span style=\"color: #000000;\"><strong>L\u00e4nge:<\/strong><\/span><\/td>\n<td><span style=\"color: #000000;\">11,2 km<\/span><\/td>\n<\/tr>\n<tr>\n<td><span style=\"color: #000000;\"><strong>Aufstieg:<\/strong><\/span><\/td>\n<td><span style=\"color: #000000;\">1020 m<\/span><\/td>\n<\/tr>\n<tr>\n<td><span style=\"color: #000000;\"><strong>Abstieg:<\/strong><\/span><\/td>\n<td><span style=\"color: #000000;\">1030 m<\/span><\/td>\n<\/tr>\n<tr>\n<td><span style=\"color: #000000;\"><strong>Minimalh\u00f6he:<\/strong><\/span><\/td>\n<td><span style=\"color: #000000;\">1540 m<\/span><\/td>\n<\/tr>\n<tr>\n<td><span style=\"color: #000000;\"><strong>Maximalh\u00f6he:<\/strong><\/span><\/td>\n<td><span style=\"color: #000000;\">1830 m<\/span><\/td>\n<\/tr>\n<\/tbody>\n<\/table>\n<p>&nbsp;<\/p>\n<p><span style=\"color: #000000; font-size: 26px;\">Video Pico do Arriero nach Pico Ruivo<\/span><\/p>\n<p style=\"text-align: center;\"><iframe loading=\"lazy\" title=\"Spektakul\u00e4re Wanderung zum Pico Ruivo (1.862 m) auf Madeira\" src=\"https:\/\/www.youtube.com\/embed\/5dnPGwhcPKo\" width=\"720\" height=\"405\" frameborder=\"0\" allowfullscreen=\"allowfullscreen\"><span data-mce-type=\"bookmark\" style=\"display: inline-block; width: 0px; overflow: hidden; line-height: 0;\" class=\"mce_SELRES_start\">\ufeff<\/span><\/iframe><\/p>\n<p><span style=\"color: #000000; font-size: 26px;\">Dienstag, 17. M\u00e4rz, 2026<\/span><\/p>\n<h5><strong><span style=\"color: #000000;\">Besuch viele Sehensw\u00fcrdigkeiten wie Fanal Lorbeerwald &#8211; Porto Moniz und vieles mehr &#8230;.<\/span><\/strong><\/h5>\n<\/div>\n<ol>\n<li><span style=\"color: #000000;\">1. 6:30: Morgenaktivit\u00e4ten<\/span><\/li>\n<li><span style=\"color: #000000;\">2. Fanal Lorbeerwald<\/span><\/li>\n<li><span style=\"color: #000000;\">3. Porto Moniz (nat\u00fcrliche Lava Swimmingpools)<\/span><\/li>\n<li><span style=\"color: #000000;\">4. Praia da Ribeira da Janela (Strand mit Felsformationen)<\/span><\/li>\n<li><span style=\"color: #000000;\">5.Seixal village (Der beste Strand mit Felsen)<\/span><\/li>\n<li><span style=\"color: #000000;\">6. V\u00e9u da Noiva Aussichtspunkt (Wasserfall, der ins Wasser st\u00fcrzt)\u00a0<\/span><\/li>\n<li><span style=\"color: #000000;\">7. Miradouro \u00c1gua d\u2018Alto (Aussichtspunkt)<\/span><\/li>\n<li><span style=\"color: #000000;\">8. S\u00e3o Vicente (Wundervolles Dorf mit einer Kirche oder Kapelle auf dem Berg)<\/span><\/li>\n<li><span style=\"color: #000000;\">9. Miradouro Lombo do Mouro (Aussichtspunkt)<\/span><\/li>\n<li><span style=\"color: #000000;\">10. Miradouro Bica da Cana (Aussichstpunkt)<\/span><\/li>\n<li><span style=\"color: #000000;\">11. Abendessen<\/span><\/li>\n<li><span style=\"color: #000000;\">12. Abendkreis<\/span><\/li>\n<\/ol>\n<p>&nbsp;<\/p>\n<p><span style=\"color: #000000;\">Wir werden nicht so viel laufen, um uns von der anstrengenden Tour am Vortag zu erholen<\/span><\/p>\n<p><span style=\"color: #000000; font-size: 24px;\">Video Fanal Lorbeerwald<\/span><\/p>\n<p style=\"text-align: center;\"><iframe loading=\"lazy\" title=\"LOST IN FANAL FOREST\" src=\"https:\/\/www.youtube.com\/embed\/8kxNGgf0iaw\" width=\"720\" height=\"405\" frameborder=\"0\" allowfullscreen=\"allowfullscreen\"><span data-mce-type=\"bookmark\" style=\"display: inline-block; width: 0px; overflow: hidden; line-height: 0;\" class=\"mce_SELRES_start\">\ufeff<\/span><\/iframe><\/p>\n<p><span style=\"color: #000000; font-size: 26px;\">Mittwoch, 18. M\u00e4rz, 2026<\/span><\/p>\n<h5 class=\"tw-text-base md:tw-text-lg lg:tw-text-xl tw-leading-tight tw-text-primary tw-break-words tw-mb-1 tw-pr-12\"><strong>Levada do <a class=\"tw-font-bold c-link c-link--inherit\" href=\"https:\/\/www.komoot.com\/tour\/1060510250\" data-test-id=\"tours_list_item_title\">Caldeir\u00e3o Verde<\/a><\/strong><\/h5>\n<ol>\n<li><span style=\"color: #000000;\">1. 6:00 Morgenaktivit\u00e4ten<\/span><\/li>\n<li><span style=\"color: #000000;\"><span style=\"color: #000000;\"><span style=\"font-size: 14px;\"><span style=\"font-size: 14px;\">3. Naturzeit (Levada do Caldeir\u00e3o Verde)<\/span><\/span><\/span><\/span><\/li>\n<li><span style=\"color: #000000;\">4. Abendessen<\/span><\/li>\n<li><span style=\"color: #000000;\">5. Abendaktivit\u00e4ten<\/span><\/li>\n<\/ol>\n<p>&nbsp;<\/p>\n<table width=\"350\">\n<tbody>\n<tr>\n<td width=\"239\"><span style=\"font-size: 24px; color: #000000;\">Schwierigkeitsgrad:<\/span><\/td>\n<td width=\"111\"><\/td>\n<\/tr>\n<tr>\n<td><\/td>\n<td><\/td>\n<\/tr>\n<tr>\n<td><span style=\"color: #000000;\"><strong>Strecke:<\/strong><\/span><\/td>\n<td><span style=\"color: #000000;\">13,6 km<\/span><\/td>\n<\/tr>\n<tr>\n<td><span style=\"color: #000000;\"><strong>Anstieg:<\/strong><\/span><\/td>\n<td><span style=\"color: #000000;\">100\u00a0 m<\/span><\/td>\n<\/tr>\n<tr>\n<td><span style=\"color: #000000;\"><strong>Abstieg:<\/strong><\/span><\/td>\n<td><span style=\"color: #000000;\">100 m<\/span><\/td>\n<\/tr>\n<tr>\n<td><span style=\"color: #000000;\"><strong>Minimalh\u00f6he:<\/strong><\/span><\/td>\n<td><span style=\"color: #000000;\">809 m<\/span><\/td>\n<\/tr>\n<tr>\n<td><span style=\"color: #000000;\"><strong>Maximalh\u00f6he:<\/strong><\/span><\/td>\n<td><span style=\"color: #000000;\">930 m<\/span><\/td>\n<\/tr>\n<\/tbody>\n<\/table>\n<p>&nbsp;<\/p>\n<p><span style=\"color: #000000; font-size: 26px;\">Video<\/span><\/p>\n<p style=\"text-align: center;\"><iframe loading=\"lazy\" title=\"Levada do Caldeir\u00e3o Verde, Madeira, Portugal\" src=\"https:\/\/www.youtube.com\/embed\/MfId6KBmUzI\" width=\"720\" height=\"405\" frameborder=\"0\" allowfullscreen=\"allowfullscreen\"><span data-mce-type=\"bookmark\" style=\"display: inline-block; width: 0px; overflow: hidden; line-height: 0;\" class=\"mce_SELRES_start\">\ufeff<\/span><\/iframe><\/p>\n<p><span style=\"color: #000000; font-size: 26px;\">Donnerstag, 19. M\u00e4rz, 2026<\/span><\/p>\n<h5><strong><span style=\"color: #000000;\">Pico Grande<\/span><\/strong><\/h5>\n<ol>\n<li><span style=\"color: #000000;\">1. 6:30 Morgenaktivit\u00e4ten<\/span><\/li>\n<li><span style=\"color: #000000;\"><span style=\"font-size: 14px;\">3. Naturzeit (Pico Grande)<\/span><\/span><\/li>\n<li><span style=\"color: #000000;\">5. Abendessen<\/span><\/li>\n<li><span style=\"color: #000000;\">6. Abendkreis<\/span><\/li>\n<\/ol>\n<p>&nbsp;<\/p>\n<table width=\"350\">\n<tbody>\n<tr>\n<td width=\"239\"><span style=\"font-size: 24px; color: #000000;\">Schwierigkeitsgrad:<\/span><\/td>\n<td width=\"111\"><\/td>\n<\/tr>\n<tr>\n<td><\/td>\n<td><\/td>\n<\/tr>\n<tr>\n<td><span style=\"color: #000000;\"><strong>Strecke<\/strong><\/span><\/td>\n<td><span style=\"color: #000000;\">10 km<\/span><\/td>\n<\/tr>\n<tr>\n<td><span style=\"color: #000000;\"><strong>Anstieg:<\/strong><\/span><\/td>\n<td><span style=\"color: #000000;\">696\u00a0 m<\/span><\/td>\n<\/tr>\n<tr>\n<td><span style=\"color: #000000;\"><strong>Abstieg:<\/strong><\/span><\/td>\n<td><span style=\"color: #000000;\">707 m<\/span><\/td>\n<\/tr>\n<tr>\n<td><span style=\"color: #000000;\"><strong>Minimalh\u00f6he:<\/strong><\/span><\/td>\n<td><span style=\"color: #000000;\">1230 m<\/span><\/td>\n<\/tr>\n<tr>\n<td><span style=\"color: #000000;\"><strong>Maximalh\u00f6he:<\/strong><\/span><\/td>\n<td><span style=\"color: #000000;\">1656 m<\/span><\/td>\n<\/tr>\n<\/tbody>\n<\/table>\n<p>&nbsp;<\/p>\n<p><span style=\"color: #000000; font-size: 26px;\">Video<\/span><\/p>\n<p style=\"text-align: center;\"><iframe loading=\"lazy\" title=\"Pico Grande Rundtour \/\/ Wandertipps Madeira 4\" src=\"https:\/\/www.youtube.com\/embed\/7-NYt5FTPug\" width=\"720\" height=\"405\" frameborder=\"0\" allowfullscreen=\"allowfullscreen\"><span data-mce-type=\"bookmark\" style=\"display: inline-block; width: 0px; overflow: hidden; line-height: 0;\" class=\"mce_SELRES_start\">\ufeff<\/span><\/iframe><\/p>\n<p><span style=\"color: #000000; font-size: 26px;\">Freitag, 20. M\u00e4rz, 2026<\/span><\/p>\n<h5 class=\"entry-headline\"><span style=\"color: #000000;\"><strong><span class=\"entry-headline-text\">Ponta do Sol &#8211; Funchal<\/span><\/strong><\/span><\/h5>\n<ol>\n<li><span style=\"color: #000000;\">1. 7:30: Morgenaktivit\u00e4en<\/span><\/li>\n<li><span style=\"color: #000000;\">2. Punta do Sol (Nomadendorf)<\/span><\/li>\n<li><span style=\"color: #000000;\">3. Anjos Wasserfall<\/span><\/li>\n<li><span style=\"color: #000000;\">4.Cabo Gir\u00e3o Skywalk<\/span><\/li>\n<li><span style=\"color: #000000;\">5. Christo Rei<\/span><\/li>\n<li><span style=\"color: #000000;\">6. Funchal<\/span><\/li>\n<li><span style=\"color: #000000;\">4. Abendessen<\/span><\/li>\n<li><span style=\"color: #000000;\">5. Abendkreis<\/span><\/li>\n<\/ol>\n<p>&nbsp;<\/p>\n<p><span style=\"color: #000000;\">Wir werden verschiedene Sehensw\u00fcrdigkeiten besuchen und nicht so viel laufen, um uns vom Vortag zu erholen.<\/span><\/p>\n<p><span style=\"color: #000000; font-size: 26px;\">Samstag, 21. M\u00e4rz, 2026<\/span><\/p>\n<h5 class=\"xlate-none TrailDetailsCard-module__name___fVfrR\" title=\"PR 8 - Ponta de S\u00e3o Louren\u00e7o\"><strong>Ponta de S\u00e3o Louren\u00e7o<\/strong><\/h5>\n<ol>\n<li><span style=\"color: #000000;\">1. 7:00 Morgenaktivit\u00e4ten<\/span><\/li>\n<li><span style=\"color: #000000;\">2. Ponta de S\u00e3o Louren\u00e7o<\/span><\/li>\n<li><span style=\"color: #000000;\"><span style=\"font-size: 14px;\">3. Nonnental \/ Eira do Serrado Aussichtspunkt<\/span><\/span><\/li>\n<li><span style=\"color: #000000;\">4. Abendessen<\/span><\/li>\n<li><span style=\"color: #000000;\">5. Abendkreis<\/span><\/li>\n<\/ol>\n<p>&nbsp;<\/p>\n<table width=\"350\">\n<tbody>\n<tr>\n<td width=\"239\"><span style=\"font-size: 28px; color: #000000;\">Schwierigkeitsgrad:<\/span><\/td>\n<td width=\"111\"><\/td>\n<\/tr>\n<tr>\n<td><\/td>\n<td><\/td>\n<\/tr>\n<tr>\n<td><span style=\"color: #000000;\"><strong>Strecke:<\/strong><\/span><\/td>\n<td><span style=\"color: #000000;\">8 km<\/span><\/td>\n<\/tr>\n<tr>\n<td><span style=\"color: #000000;\"><strong>Anstieg:<\/strong><\/span><\/td>\n<td><span style=\"color: #000000;\">300\u00a0 m<\/span><\/td>\n<\/tr>\n<tr>\n<td><span style=\"color: #000000;\"><strong>Abstieg:<\/strong><\/span><\/td>\n<td><span style=\"color: #000000;\">300 m<\/span><\/td>\n<\/tr>\n<tr>\n<td><span style=\"color: #000000;\"><strong>Minimalh\u00f6he:<\/strong><\/span><\/td>\n<td><span style=\"color: #000000;\">20 m<\/span><\/td>\n<\/tr>\n<tr>\n<td><span style=\"color: #000000;\"><strong>Maximalh\u00f6he:<\/strong><\/span><\/td>\n<td><span style=\"color: #000000;\">90 m<\/span><\/td>\n<\/tr>\n<\/tbody>\n<\/table>\n<p>&nbsp;<\/p>\n<p><span style=\"color: #000000; font-size: 26px;\">Video<\/span><\/p>\n<p style=\"text-align: center;\"><iframe loading=\"lazy\" title=\"Madeira - Ponta de S\u00e3o Louren\u00e7o - kleine Wanderung auf der \u00f6stlichsten Spitze Madeiras\" src=\"https:\/\/www.youtube.com\/embed\/oe1_oREM6RA\" width=\"720\" height=\"405\" frameborder=\"0\" allowfullscreen=\"allowfullscreen\"><span data-mce-type=\"bookmark\" style=\"display: inline-block; width: 0px; overflow: hidden; line-height: 0;\" class=\"mce_SELRES_start\">\ufeff<\/span><\/iframe><\/p>\n<p><span style=\"color: #000000; font-size: 26px;\">Sonntag, 22. M\u00e4rz, 2026<\/span><\/p>\n<h5 class=\"entry-headline\"><span style=\"color: #000000;\"><strong><span class=\"entry-headline-text\">Zur\u00fcck zum Flughafen<\/span><\/strong><\/span><\/h5>\n<p>&nbsp;<\/p>\n<p><span style=\"color: #000000; font-size: 26px;\">Liste zum Mitbringen (Deutsch in K\u00fcrze)<\/span><\/p>\n<h5><span style=\"color: #ff0000;\"><a style=\"color: #ff0000;\" href=\"https:\/\/consciousness-adventure.com\/Checklist_Camping_Events_201904241256.pdf\"><strong>=== \u21d2 Checklist Click here \u21d0===<\/strong><\/a><\/span><\/h5>\n","protected":false},"excerpt":{"rendered":"<p>\ufeff \ufeff Hast du es schon einmal erlebt, wie es sich anf\u00fchlt dich voll und ganz gesehen, geh\u00f6rt, gehalten, anerkannt und mit dem begleitet zu f\u00fchlen, was in dir lebendig ist ohne unterbrochen zu werden? Deine inneren K\u00e4mpfe, deine Herausforderungen, deine Gef\u00fchle und dein Schmerz? Und nichts damit gemacht wird? Und dass alles so sein [&hellip;]<\/p>\n","protected":false},"author":1,"featured_media":36601,"comment_status":"closed","ping_status":"closed","template":"","tags":[],"mec_category":[231,340,345,120,239,267,310,295,234,306],"class_list":["post-39807","mec-events","type-mec-events","status-publish","has-post-thumbnail","hentry","mec_category-discoveryjourney-de","mec_category-a-magical-experience-de","mec_category-circleconnection-de","mec_category-english-de","mec_category-insightquest-de","mec_category-instagram-de","mec_category-multipledayevents-de","mec_category-natureresilience-de","mec_category-flow-de","mec_category-theconsciousnessadventure-de"],"aioseo_notices":[],"_links":{"self":[{"href":"https:\/\/www.consciousness-adventure.com\/de\/wp-json\/wp\/v2\/mec-events\/39807","targetHints":{"allow":["GET"]}}],"collection":[{"href":"https:\/\/www.consciousness-adventure.com\/de\/wp-json\/wp\/v2\/mec-events"}],"about":[{"href":"https:\/\/www.consciousness-adventure.com\/de\/wp-json\/wp\/v2\/types\/mec-events"}],"author":[{"embeddable":true,"href":"https:\/\/www.consciousness-adventure.com\/de\/wp-json\/wp\/v2\/users\/1"}],"replies":[{"embeddable":true,"href":"https:\/\/www.consciousness-adventure.com\/de\/wp-json\/wp\/v2\/comments?post=39807"}],"wp:featuredmedia":[{"embeddable":true,"href":"https:\/\/www.consciousness-adventure.com\/de\/wp-json\/wp\/v2\/media\/36601"}],"wp:attachment":[{"href":"https:\/\/www.consciousness-adventure.com\/de\/wp-json\/wp\/v2\/media?parent=39807"}],"wp:term":[{"taxonomy":"post_tag","embeddable":true,"href":"https:\/\/www.consciousness-adventure.com\/de\/wp-json\/wp\/v2\/tags?post=39807"},{"taxonomy":"mec_category","embeddable":true,"href":"https:\/\/www.consciousness-adventure.com\/de\/wp-json\/wp\/v2\/mec_category?post=39807"}],"curies":[{"name":"wp","href":"https:\/\/api.w.org\/{rel}","templated":true}]}}